{"id":134,"date":"2019-08-20T10:54:02","date_gmt":"2019-08-20T08:54:02","guid":{"rendered":"https:\/\/artpictureshop.com\/?page_id=134"},"modified":"2020-07-04T13:56:43","modified_gmt":"2020-07-04T11:56:43","slug":"nos-photographes","status":"publish","type":"page","link":"https:\/\/artpictureshop.com\/it\/nos-photographes\/","title":{"rendered":"Gli artisti"},"content":{"rendered":"<div class=\"wp-block-atomic-blocks-ab-columns ab-layout-team-1 ab-layout-columns-1 one-column ab-has-custom-background-color ab-columns-center alignfull\" style=\"padding-top:5%;padding-right:5%;padding-bottom:15%;padding-left:5%;background-color:#f1f1f1\"><div class=\"ab-layout-column-wrap ab-block-layout-column-gap-2 ab-is-responsive-column\" style=\"max-width:1200px\">\n<div class=\"wp-block-atomic-blocks-ab-column ab-block-layout-column\"><div class=\"ab-block-layout-column-inner\">\n<div style=\"margin-bottom:5%\" class=\"wp-block-atomic-blocks-ab-container ab-block-container\"><div class=\"ab-container-inside\"><div class=\"ab-container-content\" style=\"max-width:700px\">\n<h2 class=\"has-text-align-center wp-block-heading\">Gli artisti<\/h2>\n<\/div><\/div><\/div>\n\n\n\n<div class=\"wp-block-atomic-blocks-ab-columns ab-layout-columns-3 ab-3-col-equal\"><div class=\"ab-layout-column-wrap ab-block-layout-column-gap-2 ab-is-responsive-column\">\n<div class=\"wp-block-atomic-blocks-ab-column ab-block-layout-column\"><div class=\"ab-block-layout-column-inner\">\n<div style=\"background-color:#f2f2f2;color:#32373c\" class=\"wp-block-atomic-blocks-ab-profile-box square ab-has-avatar ab-font-size-18 ab-block-profile ab-profile-columns\"><div class=\"ab-profile-column ab-profile-avatar-wrap\"><div class=\"ab-profile-image-wrap\"><figure class=\"ab-profile-image-square\"><img data-recalc-dims=\"1\" loading=\"lazy\" decoding=\"async\" width=\"691\" height=\"800\" class=\"ab-profile-avatar wp-image-407\" src=\"https:\/\/i0.wp.com\/artpictureshop.com\/wp-content\/uploads\/2019\/08\/profile-bruno1.jpg?resize=691%2C800&#038;ssl=1\" alt=\"\" srcset=\"https:\/\/i0.wp.com\/artpictureshop.com\/wp-content\/uploads\/2019\/08\/profile-bruno1.jpg?w=691&amp;ssl=1 691w, https:\/\/i0.wp.com\/artpictureshop.com\/wp-content\/uploads\/2019\/08\/profile-bruno1.jpg?resize=259%2C300&amp;ssl=1 259w, https:\/\/i0.wp.com\/artpictureshop.com\/wp-content\/uploads\/2019\/08\/profile-bruno1.jpg?resize=500%2C579&amp;ssl=1 500w, https:\/\/i0.wp.com\/artpictureshop.com\/wp-content\/uploads\/2019\/08\/profile-bruno1.jpg?resize=530%2C614&amp;ssl=1 530w\" sizes=\"auto, (max-width: 691px) 100vw, 691px\" \/><\/figure><\/div><\/div><div class=\"ab-profile-column ab-profile-content-wrap\"><h2 class=\"ab-profile-name\" style=\"color:#32373c\"><a href=\"https:\/\/artpictureshop.com\/it\/bruno-van-loocke\/\">Bruno Van Loocke<\/a><\/h2><p class=\"ab-profile-title\" style=\"color:#32373c\">Fotografo<\/p><div class=\"ab-profile-text\"><p>Da molto tempo Bruno viaggia per il mondo alla ricerca di emozioni. Dai deserti alle montagne innevate, cattura la bellezza assordante dei paesaggi, come se l'intensit\u00e0 dell'aria diventasse palpabile. <br\/><\/p><\/div><ul class=\"ab-social-links\"><\/ul><\/div><\/div>\n\n\n\n<div style=\"text-align:center\" class=\"wp-block-atomic-blocks-ab-button ab-block-button\"><a href=\"https:\/\/artpictureshop.com\/it\/bruno-van-loocke\/\" class=\"ab-button ab-button-shape-rounded ab-button-size-small\" style=\"color:#ffffff;background-color:#75001f\">VISITA la pagina<\/a><\/div>\n<\/div><\/div>\n\n\n\n<div class=\"wp-block-atomic-blocks-ab-column ab-block-layout-column\"><div class=\"ab-block-layout-column-inner\">\n<div style=\"background-color:#f2f2f2;color:#32373c\" class=\"wp-block-atomic-blocks-ab-profile-box square ab-has-avatar ab-font-size-18 ab-block-profile ab-profile-columns\"><div class=\"ab-profile-column ab-profile-avatar-wrap\"><div class=\"ab-profile-image-wrap\"><figure class=\"ab-profile-image-square\"><img data-recalc-dims=\"1\" loading=\"lazy\" decoding=\"async\" width=\"1600\" height=\"1200\" class=\"ab-profile-avatar wp-image-3841\" src=\"https:\/\/i0.wp.com\/artpictureshop.com\/wp-content\/uploads\/2019\/11\/FF42422E-477D-4B8A-881C-467AF6F391B6.jpeg?resize=1600%2C1200&#038;ssl=1\" alt=\"\" srcset=\"https:\/\/i0.wp.com\/artpictureshop.com\/wp-content\/uploads\/2019\/11\/FF42422E-477D-4B8A-881C-467AF6F391B6.jpeg?w=1600&amp;ssl=1 1600w, https:\/\/i0.wp.com\/artpictureshop.com\/wp-content\/uploads\/2019\/11\/FF42422E-477D-4B8A-881C-467AF6F391B6.jpeg?resize=300%2C225&amp;ssl=1 300w, https:\/\/i0.wp.com\/artpictureshop.com\/wp-content\/uploads\/2019\/11\/FF42422E-477D-4B8A-881C-467AF6F391B6.jpeg?resize=800%2C600&amp;ssl=1 800w, https:\/\/i0.wp.com\/artpictureshop.com\/wp-content\/uploads\/2019\/11\/FF42422E-477D-4B8A-881C-467AF6F391B6.jpeg?resize=768%2C576&amp;ssl=1 768w, https:\/\/i0.wp.com\/artpictureshop.com\/wp-content\/uploads\/2019\/11\/FF42422E-477D-4B8A-881C-467AF6F391B6.jpeg?resize=1536%2C1152&amp;ssl=1 1536w, https:\/\/i0.wp.com\/artpictureshop.com\/wp-content\/uploads\/2019\/11\/FF42422E-477D-4B8A-881C-467AF6F391B6.jpeg?resize=500%2C375&amp;ssl=1 500w, https:\/\/i0.wp.com\/artpictureshop.com\/wp-content\/uploads\/2019\/11\/FF42422E-477D-4B8A-881C-467AF6F391B6.jpeg?resize=530%2C398&amp;ssl=1 530w, https:\/\/i0.wp.com\/artpictureshop.com\/wp-content\/uploads\/2019\/11\/FF42422E-477D-4B8A-881C-467AF6F391B6.jpeg?resize=720%2C540&amp;ssl=1 720w\" sizes=\"auto, (max-width: 1000px) 100vw, 1000px\" \/><\/figure><\/div><\/div><div class=\"ab-profile-column ab-profile-content-wrap\"><h2 class=\"ab-profile-name\" style=\"color:#32373c\"><a href=\"https:\/\/artpictureshop.com\/it\/cecile-treal\/\">C\u00e9cile Tr\u00e9al<\/a> <\/h2><p class=\"ab-profile-title\" style=\"color:#32373c\">Fotografo<\/p><div class=\"ab-profile-text\"><p>C\u00e9cile fotografa il Marocco, l'isola del Madagascar o l'Africa occidentale per rivelare la vivacit\u00e0 e la ricchezza dei paesaggi e della gente. Le sue immagini mostrano quanto queste terre lontane siano, in realt\u00e0, cos\u00ec vicine. <\/p><\/div><ul class=\"ab-social-links\"><\/ul><\/div><\/div>\n\n\n\n<div style=\"text-align:center\" class=\"wp-block-atomic-blocks-ab-button ab-block-button\"><a href=\"https:\/\/artpictureshop.com\/it\/cecile-treal\/\" class=\"ab-button ab-button-shape-rounded ab-button-size-small\" style=\"color:#ffffff;background-color:#75001f\">VISITA la pagina<\/a><\/div>\n\n\n\n<p><\/p>\n<\/div><\/div>\n\n\n\n<div class=\"wp-block-atomic-blocks-ab-column ab-block-layout-column\"><div class=\"ab-block-layout-column-inner\">\n<div style=\"background-color:#f2f2f2;color:#32373c\" class=\"wp-block-atomic-blocks-ab-profile-box square ab-has-avatar ab-font-size-18 ab-block-profile ab-profile-columns\"><div class=\"ab-profile-column ab-profile-avatar-wrap\"><div class=\"ab-profile-image-wrap\"><figure class=\"ab-profile-image-square\"><img data-recalc-dims=\"1\" loading=\"lazy\" decoding=\"async\" width=\"768\" height=\"1024\" class=\"ab-profile-avatar wp-image-1762\" src=\"https:\/\/i0.wp.com\/artpictureshop.com\/wp-content\/uploads\/2019\/09\/profile-paul.jpg?resize=768%2C1024&#038;ssl=1\" alt=\"Paul Papadopoulos\" srcset=\"https:\/\/i0.wp.com\/artpictureshop.com\/wp-content\/uploads\/2019\/09\/profile-paul.jpg?w=768&amp;ssl=1 768w, https:\/\/i0.wp.com\/artpictureshop.com\/wp-content\/uploads\/2019\/09\/profile-paul.jpg?resize=225%2C300&amp;ssl=1 225w, https:\/\/i0.wp.com\/artpictureshop.com\/wp-content\/uploads\/2019\/09\/profile-paul.jpg?resize=600%2C800&amp;ssl=1 600w, https:\/\/i0.wp.com\/artpictureshop.com\/wp-content\/uploads\/2019\/09\/profile-paul.jpg?resize=500%2C667&amp;ssl=1 500w, https:\/\/i0.wp.com\/artpictureshop.com\/wp-content\/uploads\/2019\/09\/profile-paul.jpg?resize=530%2C707&amp;ssl=1 530w, https:\/\/i0.wp.com\/artpictureshop.com\/wp-content\/uploads\/2019\/09\/profile-paul.jpg?resize=720%2C960&amp;ssl=1 720w\" sizes=\"auto, (max-width: 768px) 100vw, 768px\" \/><\/figure><\/div><\/div><div class=\"ab-profile-column ab-profile-content-wrap\"><h2 class=\"ab-profile-name\" style=\"color:#32373c\"><a href=\"https:\/\/artpictureshop.com\/it\/paul-papadopoulos\/\">Paolo Papadopoulos<\/a><\/h2><p class=\"ab-profile-title\" style=\"color:#32373c\">Fotografo<\/p><div class=\"ab-profile-text\"><p>Amoureux de l&rsquo;Asie du sud-est et du Cambodge en particulier, Paul passe une partie de l&rsquo;ann\u00e9e dans cette r\u00e9gion et en rapporte \u00e0 chaque fois des images qui respirent la s\u00e9r\u00e9nit\u00e9 et le calme typique de ces pays.<\/p><\/div><ul class=\"ab-social-links\"><\/ul><\/div><\/div>\n\n\n\n<div style=\"text-align:center\" class=\"wp-block-atomic-blocks-ab-button ab-block-button\"><a href=\"https:\/\/artpictureshop.com\/it\/paul-papadopoulos\/\" class=\"ab-button ab-button-shape-rounded ab-button-size-small\" style=\"color:#ffffff;background-color:#75001f\">VISITA la pagina<\/a><\/div>\n<\/div><\/div>\n<\/div><\/div>\n\n\n\n<div class=\"wp-block-atomic-blocks-ab-columns ab-layout-columns-3 ab-3-col-equal\"><div class=\"ab-layout-column-wrap ab-block-layout-column-gap-2 ab-is-responsive-column\">\n<div class=\"wp-block-atomic-blocks-ab-column ab-block-layout-column\"><div class=\"ab-block-layout-column-inner\">\n<div style=\"background-color:#f2f2f2;color:#32373c\" class=\"wp-block-atomic-blocks-ab-profile-box square ab-has-avatar ab-font-size-18 ab-block-profile ab-profile-columns\"><div class=\"ab-profile-column ab-profile-avatar-wrap\"><div class=\"ab-profile-image-wrap\"><figure class=\"ab-profile-image-square\"><img data-recalc-dims=\"1\" decoding=\"async\" class=\"ab-profile-avatar wp-image-3014\" src=\"https:\/\/i0.wp.com\/artpictureshop.com\/wp-content\/uploads\/2019\/10\/EC51E661-F028-4851-8572-84FF9BFF2E25.jpeg?ssl=1\" alt=\"\"\/><\/figure><\/div><\/div><div class=\"ab-profile-column ab-profile-content-wrap\"><h2 class=\"ab-profile-name\" style=\"color:#32373c\"><a href=\"https:\/\/artpictureshop.com\/it\/marie-lasource\/\">Marie Lasource<\/a><\/h2><p class=\"ab-profile-title\" style=\"color:#32373c\">Fotografo<\/p><div class=\"ab-profile-text\"><p>Le foto di Marie sono un riflesso della sua vita, trascorsa per lo pi\u00f9 in mare: prospettive e sfumature di blu infinito. Sulla terra, mette in evidenza la vita delle donne e degli uomini che costituiscono il potere del nostro mondo. <\/p><\/div><ul class=\"ab-social-links\"><\/ul><\/div><\/div>\n\n\n\n<div style=\"text-align:center\" class=\"wp-block-atomic-blocks-ab-button ab-block-button\"><a href=\"https:\/\/artpictureshop.com\/it\/marie-lasource\/\" class=\"ab-button ab-button-shape-rounded ab-button-size-small\" style=\"color:#ffffff;background-color:#75001f\">VISITA la pagina<\/a><\/div>\n\n\n\n<div style=\"background-color:#f2f2f2;color:#32373c\" class=\"wp-block-atomic-blocks-ab-profile-box square ab-has-avatar ab-font-size-18 ab-block-profile ab-profile-columns\"><div class=\"ab-profile-column ab-profile-avatar-wrap\"><div class=\"ab-profile-image-wrap\"><figure class=\"ab-profile-image-square\"><img data-recalc-dims=\"1\" loading=\"lazy\" decoding=\"async\" width=\"800\" height=\"600\" class=\"ab-profile-avatar wp-image-443\" src=\"https:\/\/i0.wp.com\/artpictureshop.com\/wp-content\/uploads\/2019\/08\/profile-jobin-1.jpg?resize=800%2C600&#038;ssl=1\" alt=\"Denis Jobin\" srcset=\"https:\/\/i0.wp.com\/artpictureshop.com\/wp-content\/uploads\/2019\/08\/profile-jobin-1.jpg?w=800&amp;ssl=1 800w, https:\/\/i0.wp.com\/artpictureshop.com\/wp-content\/uploads\/2019\/08\/profile-jobin-1.jpg?resize=300%2C225&amp;ssl=1 300w, https:\/\/i0.wp.com\/artpictureshop.com\/wp-content\/uploads\/2019\/08\/profile-jobin-1.jpg?resize=768%2C576&amp;ssl=1 768w, https:\/\/i0.wp.com\/artpictureshop.com\/wp-content\/uploads\/2019\/08\/profile-jobin-1.jpg?resize=500%2C375&amp;ssl=1 500w, https:\/\/i0.wp.com\/artpictureshop.com\/wp-content\/uploads\/2019\/08\/profile-jobin-1.jpg?resize=530%2C398&amp;ssl=1 530w, https:\/\/i0.wp.com\/artpictureshop.com\/wp-content\/uploads\/2019\/08\/profile-jobin-1.jpg?resize=720%2C540&amp;ssl=1 720w\" sizes=\"auto, (max-width: 800px) 100vw, 800px\" \/><\/figure><\/div><\/div><div class=\"ab-profile-column ab-profile-content-wrap\"><h2 class=\"ab-profile-name\" style=\"color:#32373c\"><a href=\"https:\/\/artpictureshop.com\/it\/denis-jobin\/\">Denis Jobin<\/a><\/h2><p class=\"ab-profile-title\" style=\"color:#32373c\">Fotografo<\/p><div class=\"ab-profile-text\"><p>Le ispirazioni di Denis sono eclettiche, dal mare alla montagna. Che fotografi soggetti naturali, come sospesi a volte, o soggetti composti pieni di morbidezza, mette la sua energia al servizio del dettaglio. <\/p><\/div><ul class=\"ab-social-links\"><\/ul><\/div><\/div>\n\n\n\n<div style=\"text-align:center\" class=\"wp-block-atomic-blocks-ab-button ab-block-button\"><a href=\"https:\/\/artpictureshop.com\/it\/denis-jobin\/\" class=\"ab-button ab-button-shape-rounded ab-button-size-small\" style=\"color:#ffffff;background-color:#75001f\">VISITA la pagina<\/a><\/div>\n<\/div><\/div>\n\n\n\n<div class=\"wp-block-atomic-blocks-ab-column ab-block-layout-column\"><div class=\"ab-block-layout-column-inner\">\n<div style=\"background-color:#f2f2f2;color:#32373c\" class=\"wp-block-atomic-blocks-ab-profile-box square ab-has-avatar ab-font-size-18 ab-block-profile ab-profile-columns\"><div class=\"ab-profile-column ab-profile-avatar-wrap\"><div class=\"ab-profile-image-wrap\"><figure class=\"ab-profile-image-square\"><img data-recalc-dims=\"1\" loading=\"lazy\" decoding=\"async\" width=\"800\" height=\"533\" class=\"ab-profile-avatar wp-image-1207\" src=\"https:\/\/i0.wp.com\/artpictureshop.com\/wp-content\/uploads\/2019\/09\/profil-bertrand.jpg?resize=800%2C533&#038;ssl=1\" alt=\"Bertrand Boone\" srcset=\"https:\/\/i0.wp.com\/artpictureshop.com\/wp-content\/uploads\/2019\/09\/profil-bertrand.jpg?w=800&amp;ssl=1 800w, https:\/\/i0.wp.com\/artpictureshop.com\/wp-content\/uploads\/2019\/09\/profil-bertrand.jpg?resize=300%2C200&amp;ssl=1 300w, https:\/\/i0.wp.com\/artpictureshop.com\/wp-content\/uploads\/2019\/09\/profil-bertrand.jpg?resize=768%2C512&amp;ssl=1 768w, https:\/\/i0.wp.com\/artpictureshop.com\/wp-content\/uploads\/2019\/09\/profil-bertrand.jpg?resize=600%2C400&amp;ssl=1 600w, https:\/\/i0.wp.com\/artpictureshop.com\/wp-content\/uploads\/2019\/09\/profil-bertrand.jpg?resize=500%2C333&amp;ssl=1 500w, https:\/\/i0.wp.com\/artpictureshop.com\/wp-content\/uploads\/2019\/09\/profil-bertrand.jpg?resize=530%2C353&amp;ssl=1 530w, https:\/\/i0.wp.com\/artpictureshop.com\/wp-content\/uploads\/2019\/09\/profil-bertrand.jpg?resize=720%2C480&amp;ssl=1 720w\" sizes=\"auto, (max-width: 800px) 100vw, 800px\" \/><\/figure><\/div><\/div><div class=\"ab-profile-column ab-profile-content-wrap\"><h2 class=\"ab-profile-name\" style=\"color:#32373c\"><a href=\"https:\/\/artpictureshop.com\/it\/bertrand-boone\/\">Bertrand Boone<\/a><\/h2><p class=\"ab-profile-title\" style=\"color:#32373c\">Fotografo<\/p><div class=\"ab-profile-text\"><p>In qualsiasi stagione, Bertrand fotografa la montagna da ogni angolo e, dai quattro angoli del mondo, ne cattura luci e ombre. Gli sport estremi sono un altro dei suoi soggetti preferiti. <\/p><\/div><ul class=\"ab-social-links\"><\/ul><\/div><\/div>\n\n\n\n<div style=\"text-align:center\" class=\"wp-block-atomic-blocks-ab-button ab-block-button\"><a href=\"https:\/\/artpictureshop.com\/it\/bertrand-boone\/\" class=\"ab-button ab-button-shape-rounded ab-button-size-small\" style=\"color:#ffffff;background-color:#75001f\">VISITA la pagina<\/a><\/div>\n\n\n\n<div style=\"background-color:#f2f2f2;color:#32373c\" class=\"wp-block-atomic-blocks-ab-profile-box square ab-has-avatar ab-font-size-18 ab-block-profile ab-profile-columns\"><div class=\"ab-profile-column ab-profile-avatar-wrap\"><div class=\"ab-profile-image-wrap\"><figure class=\"ab-profile-image-square\"><img data-recalc-dims=\"1\" loading=\"lazy\" decoding=\"async\" width=\"535\" height=\"801\" class=\"ab-profile-avatar wp-image-1488\" src=\"https:\/\/i0.wp.com\/artpictureshop.com\/wp-content\/uploads\/2019\/09\/profile-jean-marc.jpg?resize=535%2C801&#038;ssl=1\" alt=\"Jean-Marc Favre\" srcset=\"https:\/\/i0.wp.com\/artpictureshop.com\/wp-content\/uploads\/2019\/09\/profile-jean-marc.jpg?w=535&amp;ssl=1 535w, https:\/\/i0.wp.com\/artpictureshop.com\/wp-content\/uploads\/2019\/09\/profile-jean-marc.jpg?resize=200%2C300&amp;ssl=1 200w, https:\/\/i0.wp.com\/artpictureshop.com\/wp-content\/uploads\/2019\/09\/profile-jean-marc.jpg?resize=500%2C749&amp;ssl=1 500w, https:\/\/i0.wp.com\/artpictureshop.com\/wp-content\/uploads\/2019\/09\/profile-jean-marc.jpg?resize=530%2C794&amp;ssl=1 530w, https:\/\/i0.wp.com\/artpictureshop.com\/wp-content\/uploads\/2019\/09\/profile-jean-marc.jpg?resize=534%2C800&amp;ssl=1 534w\" sizes=\"auto, (max-width: 535px) 100vw, 535px\" \/><\/figure><\/div><\/div><div class=\"ab-profile-column ab-profile-content-wrap\"><h2 class=\"ab-profile-name\" style=\"color:#32373c\"><a href=\"https:\/\/artpictureshop.com\/it\/jean-marc-favre\/\">Jean-Marc Favre<\/a><\/h2><p class=\"ab-profile-title\" style=\"color:#32373c\">Fotografo<\/p><div class=\"ab-profile-text\"><p>Jean-Marc prend de la hauteur pour mieux d\u00e9valer les pistes, les \u00e0-pics et les canyons glac\u00e9s, faire d&rsquo;une for\u00eat des flocons de neige ou survoler l\u2019oc\u00e9an. Avec son appareil ou son drone, il saisit les hommes et la nature en mouvement. <\/p><\/div><ul class=\"ab-social-links\"><\/ul><\/div><\/div>\n\n\n\n<div style=\"text-align:center\" class=\"wp-block-atomic-blocks-ab-button ab-block-button\"><a href=\"https:\/\/artpictureshop.com\/it\/jean-marc-favre\/\" class=\"ab-button ab-button-shape-rounded ab-button-size-small\" style=\"color:#ffffff;background-color:#75001f\">VISITA la pagina<\/a><\/div>\n<\/div><\/div>\n\n\n\n<div class=\"wp-block-atomic-blocks-ab-column ab-block-layout-column\"><div class=\"ab-block-layout-column-inner\">\n<div style=\"background-color:#f2f2f2;color:#32373c\" class=\"wp-block-atomic-blocks-ab-profile-box square ab-has-avatar ab-font-size-18 ab-block-profile ab-profile-columns\"><div class=\"ab-profile-column ab-profile-avatar-wrap\"><div class=\"ab-profile-image-wrap\"><figure class=\"ab-profile-image-square\"><img data-recalc-dims=\"1\" loading=\"lazy\" decoding=\"async\" width=\"800\" height=\"800\" class=\"ab-profile-avatar wp-image-1608\" src=\"https:\/\/i0.wp.com\/artpictureshop.com\/wp-content\/uploads\/2019\/09\/profil-christophe.jpg?resize=800%2C800&#038;ssl=1\" alt=\"Christophe Ngo Van Duc\" srcset=\"https:\/\/i0.wp.com\/artpictureshop.com\/wp-content\/uploads\/2019\/09\/profil-christophe.jpg?w=800&amp;ssl=1 800w, https:\/\/i0.wp.com\/artpictureshop.com\/wp-content\/uploads\/2019\/09\/profil-christophe.jpg?resize=300%2C300&amp;ssl=1 300w, https:\/\/i0.wp.com\/artpictureshop.com\/wp-content\/uploads\/2019\/09\/profil-christophe.jpg?resize=150%2C150&amp;ssl=1 150w, https:\/\/i0.wp.com\/artpictureshop.com\/wp-content\/uploads\/2019\/09\/profil-christophe.jpg?resize=768%2C768&amp;ssl=1 768w, https:\/\/i0.wp.com\/artpictureshop.com\/wp-content\/uploads\/2019\/09\/profil-christophe.jpg?resize=80%2C80&amp;ssl=1 80w, https:\/\/i0.wp.com\/artpictureshop.com\/wp-content\/uploads\/2019\/09\/profil-christophe.jpg?resize=600%2C600&amp;ssl=1 600w, https:\/\/i0.wp.com\/artpictureshop.com\/wp-content\/uploads\/2019\/09\/profil-christophe.jpg?resize=500%2C500&amp;ssl=1 500w, https:\/\/i0.wp.com\/artpictureshop.com\/wp-content\/uploads\/2019\/09\/profil-christophe.jpg?resize=32%2C32&amp;ssl=1 32w, https:\/\/i0.wp.com\/artpictureshop.com\/wp-content\/uploads\/2019\/09\/profil-christophe.jpg?resize=530%2C530&amp;ssl=1 530w, https:\/\/i0.wp.com\/artpictureshop.com\/wp-content\/uploads\/2019\/09\/profil-christophe.jpg?resize=720%2C720&amp;ssl=1 720w, https:\/\/i0.wp.com\/artpictureshop.com\/wp-content\/uploads\/2019\/09\/profil-christophe.jpg?resize=180%2C180&amp;ssl=1 180w\" sizes=\"auto, (max-width: 800px) 100vw, 800px\" \/><\/figure><\/div><\/div><div class=\"ab-profile-column ab-profile-content-wrap\"><h2 class=\"ab-profile-name\" style=\"color:#32373c\"><a href=\"https:\/\/artpictureshop.com\/it\/christophe-ngo-van-duc\/\">Christophe Ngo Van Duc <\/a><\/h2><p class=\"ab-profile-title\" style=\"color:#32373c\">Fotografo<\/p><div class=\"ab-profile-text\"><p>Dai suoi viaggi tra l'Amazzonia e l'Antartide, Christophe riporta immagini suggestive e contrastanti di una natura che vorrebbe vedere preservata e valorizzata. In bianco e nero o a colori, il suo messaggio \u00e8 evidente. <\/p><\/div><ul class=\"ab-social-links\"><\/ul><\/div><\/div>\n\n\n\n<div style=\"text-align:center\" class=\"wp-block-atomic-blocks-ab-button ab-block-button\"><a href=\"https:\/\/artpictureshop.com\/it\/christophe-ngo-van-duc\/\" class=\"ab-button ab-button-shape-rounded ab-button-size-small\" style=\"color:#ffffff;background-color:#75001f\">VISITA la pagina<\/a><\/div>\n\n\n\n<div style=\"background-color:#f2f2f2;color:#32373c\" class=\"wp-block-atomic-blocks-ab-profile-box square ab-has-avatar ab-font-size-18 ab-block-profile ab-profile-columns\"><div class=\"ab-profile-column ab-profile-avatar-wrap\"><div class=\"ab-profile-image-wrap\"><figure class=\"ab-profile-image-square\"><img data-recalc-dims=\"1\" loading=\"lazy\" decoding=\"async\" width=\"800\" height=\"533\" class=\"ab-profile-avatar wp-image-444\" src=\"https:\/\/i0.wp.com\/artpictureshop.com\/wp-content\/uploads\/2019\/08\/profile-diane.jpg?resize=800%2C533&#038;ssl=1\" alt=\"Diane Guiauchain\" srcset=\"https:\/\/i0.wp.com\/artpictureshop.com\/wp-content\/uploads\/2019\/08\/profile-diane.jpg?w=800&amp;ssl=1 800w, https:\/\/i0.wp.com\/artpictureshop.com\/wp-content\/uploads\/2019\/08\/profile-diane.jpg?resize=300%2C200&amp;ssl=1 300w, https:\/\/i0.wp.com\/artpictureshop.com\/wp-content\/uploads\/2019\/08\/profile-diane.jpg?resize=768%2C512&amp;ssl=1 768w, https:\/\/i0.wp.com\/artpictureshop.com\/wp-content\/uploads\/2019\/08\/profile-diane.jpg?resize=600%2C400&amp;ssl=1 600w, https:\/\/i0.wp.com\/artpictureshop.com\/wp-content\/uploads\/2019\/08\/profile-diane.jpg?resize=500%2C333&amp;ssl=1 500w, https:\/\/i0.wp.com\/artpictureshop.com\/wp-content\/uploads\/2019\/08\/profile-diane.jpg?resize=530%2C353&amp;ssl=1 530w, https:\/\/i0.wp.com\/artpictureshop.com\/wp-content\/uploads\/2019\/08\/profile-diane.jpg?resize=720%2C480&amp;ssl=1 720w\" sizes=\"auto, (max-width: 800px) 100vw, 800px\" \/><\/figure><\/div><\/div><div class=\"ab-profile-column ab-profile-content-wrap\"><h2 class=\"ab-profile-name\" style=\"color:#32373c\"><a href=\"https:\/\/artpictureshop.com\/it\/diane-guiauchain\/\">Diane Guiauchain<\/a><\/h2><p class=\"ab-profile-title\" style=\"color:#32373c\">Fotografo<\/p><div class=\"ab-profile-text\"><p>Quando Diane incontra il continente africano, i paesaggi, la fauna e la flora, \u00e8 un click. Attraverso le sue immagini, capiamo che i momenti che fissa sono l'illustrazione di una Terra vibrante, sempre. <\/p><\/div><ul class=\"ab-social-links\"><\/ul><\/div><\/div>\n\n\n\n<div style=\"text-align:center\" class=\"wp-block-atomic-blocks-ab-button ab-block-button\"><a href=\"https:\/\/artpictureshop.com\/it\/diane-guiauchain\/\" class=\"ab-button ab-button-shape-rounded ab-button-size-small\" style=\"color:#ffffff;background-color:#75001f\">VISITA la pagina<\/a><\/div>\n<\/div><\/div>\n<\/div><\/div>\n<\/div><\/div>\n<\/div><\/div>","protected":false},"excerpt":{"rendered":"","protected":false},"author":22,"featured_media":1608,"parent":0,"menu_order":0,"comment_status":"closed","ping_status":"closed","template":"","meta":{"_genesis_hide_title":true,"_genesis_hide_breadcrumbs":false,"_genesis_hide_singular_image":false,"_genesis_hide_footer_widgets":false,"_genesis_custom_body_class":"","_genesis_custom_post_class":"","_genesis_layout":"","footnotes":""},"class_list":{"0":"post-134","1":"page","2":"type-page","3":"status-publish","4":"has-post-thumbnail","6":"entry"},"yoast_head":"<!-- This site is optimized with the Yoast SEO plugin v26.8 - https:\/\/yoast.com\/product\/yoast-seo-wordpress\/ -->\n<title>Les artistes &#187; Tableaux photo, photos d\u2019art<\/title>\n<meta name=\"description\" content=\"D\u00e9crouvrez un s\u00e9lection unique de photos pour d\u00e9coration murale, photos d\u2019artt, photo poster, photo XXL sur supports design, aluminium, PVC. Tableaux photo pour d\u00e9co d\u2019int\u00e9rieur.\" \/>\n<meta name=\"robots\" content=\"index, follow, max-snippet:-1, max-image-preview:large, max-video-preview:-1\" \/>\n<link rel=\"canonical\" href=\"https:\/\/artpictureshop.com\/it\/nos-photographes\/\" \/>\n<meta property=\"og:locale\" content=\"it_IT\" \/>\n<meta property=\"og:type\" content=\"article\" \/>\n<meta property=\"og:title\" content=\"Les artistes &#187; Tableaux photo, photos d\u2019art\" \/>\n<meta property=\"og:description\" content=\"D\u00e9crouvrez un s\u00e9lection unique de photos pour d\u00e9coration murale, photos d\u2019artt, photo poster, photo XXL sur supports design, aluminium, PVC. Tableaux photo pour d\u00e9co d\u2019int\u00e9rieur.\" \/>\n<meta property=\"og:url\" content=\"https:\/\/artpictureshop.com\/it\/nos-photographes\/\" \/>\n<meta property=\"og:site_name\" content=\"Tableaux photo, photos d\u2019art\" \/>\n<meta property=\"article:publisher\" content=\"https:\/\/www.facebook.com\/artpictureshop\/\" \/>\n<meta property=\"article:modified_time\" content=\"2020-07-04T11:56:43+00:00\" \/>\n<meta property=\"og:image\" content=\"https:\/\/i1.wp.com\/artpictureshop.com\/wp-content\/uploads\/2019\/09\/profil-christophe.jpg?fit=800%2C800&ssl=1\" \/>\n\t<meta property=\"og:image:width\" content=\"800\" \/>\n\t<meta property=\"og:image:height\" content=\"800\" \/>\n\t<meta property=\"og:image:type\" content=\"image\/jpeg\" \/>\n<meta name=\"twitter:card\" content=\"summary_large_image\" \/>\n<meta name=\"twitter:site\" content=\"@ArtPictureShop1\" \/>\n<meta name=\"twitter:label1\" content=\"Tempo di lettura stimato\" \/>\n\t<meta name=\"twitter:data1\" content=\"2 minuti\" \/>\n<script type=\"application\/ld+json\" class=\"yoast-schema-graph\">{\"@context\":\"https:\/\/schema.org\",\"@graph\":[{\"@type\":\"WebPage\",\"@id\":\"https:\/\/artpictureshop.com\/nos-photographes\/\",\"url\":\"https:\/\/artpictureshop.com\/nos-photographes\/\",\"name\":\"Les artistes &#187; Tableaux photo, photos d\u2019art\",\"isPartOf\":{\"@id\":\"https:\/\/artpictureshop.com\/#website\"},\"primaryImageOfPage\":{\"@id\":\"https:\/\/artpictureshop.com\/nos-photographes\/#primaryimage\"},\"image\":{\"@id\":\"https:\/\/artpictureshop.com\/nos-photographes\/#primaryimage\"},\"thumbnailUrl\":\"https:\/\/i0.wp.com\/artpictureshop.com\/wp-content\/uploads\/2019\/09\/profil-christophe.jpg?fit=800%2C800&ssl=1\",\"datePublished\":\"2019-08-20T08:54:02+00:00\",\"dateModified\":\"2020-07-04T11:56:43+00:00\",\"description\":\"D\u00e9crouvrez un s\u00e9lection unique de photos pour d\u00e9coration murale, photos d\u2019artt, photo poster, photo XXL sur supports design, aluminium, PVC. Tableaux photo pour d\u00e9co d\u2019int\u00e9rieur.\",\"breadcrumb\":{\"@id\":\"https:\/\/artpictureshop.com\/nos-photographes\/#breadcrumb\"},\"inLanguage\":\"it-IT\",\"potentialAction\":[{\"@type\":\"ReadAction\",\"target\":[\"https:\/\/artpictureshop.com\/nos-photographes\/\"]}]},{\"@type\":\"ImageObject\",\"inLanguage\":\"it-IT\",\"@id\":\"https:\/\/artpictureshop.com\/nos-photographes\/#primaryimage\",\"url\":\"https:\/\/i0.wp.com\/artpictureshop.com\/wp-content\/uploads\/2019\/09\/profil-christophe.jpg?fit=800%2C800&ssl=1\",\"contentUrl\":\"https:\/\/i0.wp.com\/artpictureshop.com\/wp-content\/uploads\/2019\/09\/profil-christophe.jpg?fit=800%2C800&ssl=1\",\"width\":800,\"height\":800,\"caption\":\"Photographe\"},{\"@type\":\"BreadcrumbList\",\"@id\":\"https:\/\/artpictureshop.com\/nos-photographes\/#breadcrumb\",\"itemListElement\":[{\"@type\":\"ListItem\",\"position\":1,\"name\":\"Accueil\",\"item\":\"https:\/\/artpictureshop.com\/\"},{\"@type\":\"ListItem\",\"position\":2,\"name\":\"Les artistes\"}]},{\"@type\":\"WebSite\",\"@id\":\"https:\/\/artpictureshop.com\/#website\",\"url\":\"https:\/\/artpictureshop.com\/\",\"name\":\"Tableaux photo, photos d\u2019art\",\"description\":\"Grands formats\",\"publisher\":{\"@id\":\"https:\/\/artpictureshop.com\/#organization\"},\"potentialAction\":[{\"@type\":\"SearchAction\",\"target\":{\"@type\":\"EntryPoint\",\"urlTemplate\":\"https:\/\/artpictureshop.com\/?s={search_term_string}\"},\"query-input\":{\"@type\":\"PropertyValueSpecification\",\"valueRequired\":true,\"valueName\":\"search_term_string\"}}],\"inLanguage\":\"it-IT\"},{\"@type\":\"Organization\",\"@id\":\"https:\/\/artpictureshop.com\/#organization\",\"name\":\"Art Picture Shop\",\"url\":\"https:\/\/artpictureshop.com\/\",\"logo\":{\"@type\":\"ImageObject\",\"inLanguage\":\"it-IT\",\"@id\":\"https:\/\/artpictureshop.com\/#\/schema\/logo\/image\/\",\"url\":\"\",\"contentUrl\":\"\",\"caption\":\"Art Picture Shop\"},\"image\":{\"@id\":\"https:\/\/artpictureshop.com\/#\/schema\/logo\/image\/\"},\"sameAs\":[\"https:\/\/www.facebook.com\/artpictureshop\/\",\"https:\/\/x.com\/ArtPictureShop1\"]}]}<\/script>\n<!-- \/ Yoast SEO plugin. -->","yoast_head_json":{"title":"Les artistes &#187; Tableaux photo, photos d\u2019art","description":"Scoprite una selezione unica di foto per la decorazione murale, foto artistiche, foto poster, foto XXL su supporti di design, alluminio, PVC. Pannelli fotografici per la decorazione d'interni.","robots":{"index":"index","follow":"follow","max-snippet":"max-snippet:-1","max-image-preview":"max-image-preview:large","max-video-preview":"max-video-preview:-1"},"canonical":"https:\/\/artpictureshop.com\/it\/nos-photographes\/","og_locale":"it_IT","og_type":"article","og_title":"Les artistes &#187; Tableaux photo, photos d\u2019art","og_description":"D\u00e9crouvrez un s\u00e9lection unique de photos pour d\u00e9coration murale, photos d\u2019artt, photo poster, photo XXL sur supports design, aluminium, PVC. Tableaux photo pour d\u00e9co d\u2019int\u00e9rieur.","og_url":"https:\/\/artpictureshop.com\/it\/nos-photographes\/","og_site_name":"Tableaux photo, photos d\u2019art","article_publisher":"https:\/\/www.facebook.com\/artpictureshop\/","article_modified_time":"2020-07-04T11:56:43+00:00","og_image":[{"width":800,"height":800,"url":"https:\/\/i1.wp.com\/artpictureshop.com\/wp-content\/uploads\/2019\/09\/profil-christophe.jpg?fit=800%2C800&ssl=1","type":"image\/jpeg"}],"twitter_card":"summary_large_image","twitter_site":"@ArtPictureShop1","twitter_misc":{"Tempo di lettura stimato":"2 minuti"},"schema":{"@context":"https:\/\/schema.org","@graph":[{"@type":"WebPage","@id":"https:\/\/artpictureshop.com\/nos-photographes\/","url":"https:\/\/artpictureshop.com\/nos-photographes\/","name":"Les artistes &#187; Tableaux photo, photos d\u2019art","isPartOf":{"@id":"https:\/\/artpictureshop.com\/#website"},"primaryImageOfPage":{"@id":"https:\/\/artpictureshop.com\/nos-photographes\/#primaryimage"},"image":{"@id":"https:\/\/artpictureshop.com\/nos-photographes\/#primaryimage"},"thumbnailUrl":"https:\/\/i0.wp.com\/artpictureshop.com\/wp-content\/uploads\/2019\/09\/profil-christophe.jpg?fit=800%2C800&ssl=1","datePublished":"2019-08-20T08:54:02+00:00","dateModified":"2020-07-04T11:56:43+00:00","description":"Scoprite una selezione unica di foto per la decorazione murale, foto artistiche, foto poster, foto XXL su supporti di design, alluminio, PVC. Pannelli fotografici per la decorazione d'interni.","breadcrumb":{"@id":"https:\/\/artpictureshop.com\/nos-photographes\/#breadcrumb"},"inLanguage":"it-IT","potentialAction":[{"@type":"ReadAction","target":["https:\/\/artpictureshop.com\/nos-photographes\/"]}]},{"@type":"ImageObject","inLanguage":"it-IT","@id":"https:\/\/artpictureshop.com\/nos-photographes\/#primaryimage","url":"https:\/\/i0.wp.com\/artpictureshop.com\/wp-content\/uploads\/2019\/09\/profil-christophe.jpg?fit=800%2C800&ssl=1","contentUrl":"https:\/\/i0.wp.com\/artpictureshop.com\/wp-content\/uploads\/2019\/09\/profil-christophe.jpg?fit=800%2C800&ssl=1","width":800,"height":800,"caption":"Photographe"},{"@type":"BreadcrumbList","@id":"https:\/\/artpictureshop.com\/nos-photographes\/#breadcrumb","itemListElement":[{"@type":"ListItem","position":1,"name":"Accueil","item":"https:\/\/artpictureshop.com\/"},{"@type":"ListItem","position":2,"name":"Les artistes"}]},{"@type":"WebSite","@id":"https:\/\/artpictureshop.com\/#website","url":"https:\/\/artpictureshop.com\/","name":"Dipinti fotografici, foto d'arte","description":"Grandi formati","publisher":{"@id":"https:\/\/artpictureshop.com\/#organization"},"potentialAction":[{"@type":"SearchAction","target":{"@type":"EntryPoint","urlTemplate":"https:\/\/artpictureshop.com\/?s={search_term_string}"},"query-input":{"@type":"PropertyValueSpecification","valueRequired":true,"valueName":"search_term_string"}}],"inLanguage":"it-IT"},{"@type":"Organization","@id":"https:\/\/artpictureshop.com\/#organization","name":"Negozio di immagini d'arte","url":"https:\/\/artpictureshop.com\/","logo":{"@type":"ImageObject","inLanguage":"it-IT","@id":"https:\/\/artpictureshop.com\/#\/schema\/logo\/image\/","url":"","contentUrl":"","caption":"Art Picture Shop"},"image":{"@id":"https:\/\/artpictureshop.com\/#\/schema\/logo\/image\/"},"sameAs":["https:\/\/www.facebook.com\/artpictureshop\/","https:\/\/x.com\/ArtPictureShop1"]}]}},"featured_image_src":"https:\/\/i0.wp.com\/artpictureshop.com\/wp-content\/uploads\/2019\/09\/profil-christophe.jpg?resize=600%2C400&ssl=1","featured_image_src_square":"https:\/\/i0.wp.com\/artpictureshop.com\/wp-content\/uploads\/2019\/09\/profil-christophe.jpg?resize=600%2C600&ssl=1","jetpack_sharing_enabled":true,"_links":{"self":[{"href":"https:\/\/artpictureshop.com\/it\/wp-json\/wp\/v2\/pages\/134","targetHints":{"allow":["GET"]}}],"collection":[{"href":"https:\/\/artpictureshop.com\/it\/wp-json\/wp\/v2\/pages"}],"about":[{"href":"https:\/\/artpictureshop.com\/it\/wp-json\/wp\/v2\/types\/page"}],"author":[{"embeddable":true,"href":"https:\/\/artpictureshop.com\/it\/wp-json\/wp\/v2\/users\/22"}],"replies":[{"embeddable":true,"href":"https:\/\/artpictureshop.com\/it\/wp-json\/wp\/v2\/comments?post=134"}],"version-history":[{"count":0,"href":"https:\/\/artpictureshop.com\/it\/wp-json\/wp\/v2\/pages\/134\/revisions"}],"wp:featuredmedia":[{"embeddable":true,"href":"https:\/\/artpictureshop.com\/it\/wp-json\/wp\/v2\/media\/1608"}],"wp:attachment":[{"href":"https:\/\/artpictureshop.com\/it\/wp-json\/wp\/v2\/media?parent=134"}],"curies":[{"name":"wp","href":"https:\/\/api.w.org\/{rel}","templated":true}]}}